{"id":18,"date":"2017-04-26T14:45:58","date_gmt":"2017-04-26T14:45:58","guid":{"rendered":"http:\/\/fundacionexe.org\/workshops\/demolab17\/?page_id=18"},"modified":"2017-06-09T16:43:22","modified_gmt":"2017-06-09T16:43:22","slug":"programa","status":"publish","type":"page","link":"https:\/\/fundacionexe.org\/workshops\/demolab17\/programa\/","title":{"rendered":"Programa"},"content":{"rendered":"<h6 style=\"text-align: left\">Primera sessi\u00f3, divendres 16 de juny (Facultat de Dret, UV)<\/h6>\n<p style=\"text-align: left\"><strong>16:00h. Presentaci\u00f3<\/strong><\/p>\n<ul>\n<li>Gon\u00e7al Grau (President de la Fundaci\u00f3 Nexe)<\/li>\n<li>Fran Ferri (S\u00edndic de Comprom\u00eds a les Corts Valencianes)<\/li>\n<li>Elies Segu\u00ed (Coordinador acad\u00e8mic de la Fundaci\u00f3 Nexe)<\/li>\n<\/ul>\n<p style=\"text-align: left\"><strong>16:15\u201317:15h. Confer\u00e8ncia inaugural<\/strong>. A c\u00e0rrec de Juan Rodr\u00edgez Teruel, professor de ci\u00e8ncia pol\u00edtica a la Universitat de Val\u00e8ncia.<\/p>\n<p style=\"text-align: left\"><strong>17:15-17:30h. Pausa<\/strong><\/p>\n<p style=\"text-align: left\"><strong>17:30\u201320\u201915h.<\/strong> <strong>Microxarrades<\/strong><\/p>\n<p><strong>17:30h. Panel 1 \u2018De la confrontaci\u00f3 electoral a la cooperaci\u00f3n en la gesti\u00f3\u2019\u00a0<\/strong><\/p>\n<p>Modera: Carlos Villodres<\/p>\n<ul>\n<li>M\u00aa Josep Amig\u00f3 (Vicepresidenta de la Diputaci\u00f3 de Val\u00e8ncia)<\/li>\n<li>Marta Sorl\u00ed (Diputada al Congr\u00e9s dels Diputats)<\/li>\n<li>Clara Ferrando (Secret\u00e0ria Auton\u00f2mica d\u2019Hisenda)<\/li>\n<li>Gustau P\u00e9rez (assessor a les Corts Valencianes)<\/li>\n<\/ul>\n<p><strong>18:45h. Pausa<\/strong><\/p>\n<p><strong>19:00h. Panel 2\u00a0<\/strong><\/p>\n<p>Modera: Neus Bonnin<\/p>\n<ul>\n<li>Miquel Villamon: \u2018Com ordenar candidatures d\u2019una coalici\u00f3 mitjan\u00e7ant prim\u00e0ries obertes\u2019<\/li>\n<li>Juan \u00c1ngel Conca: \u2018Cooperaci\u00f3 i vincle entre Los Verdes de Villena i Comprom\u00eds com a exemple de conviv\u00e8ncia d&#8217;alternatives pol\u00edtiques d&#8217;esquerres\u2019<\/li>\n<li>Pau de Miguel: \u2018El cas de la fusi\u00f3 entre Equo i Els Verds-Esquerra Ecologista PV\u2019<\/li>\n<\/ul>\n<p><strong>19:35. Panel 3\u00a0<\/strong><\/p>\n<p>Modera: Oscar Barber\u00e0<\/p>\n<ul>\n<li>Anna Calatayud: \u2018La institucionalitzaci\u00f3 de Comprom\u00eds \u2018<\/li>\n<li>Francesc Marco Palau: \u2018El valencianisme i la suma d\u2019esquerres a l\u2019estat: l\u2019exemple de les eleccions europees (1987-2014)\u2019<\/li>\n<li>Pau Sanchis: \u2018El discurs populista en l\u2019esquerra\u2018<\/li>\n<\/ul>\n<h6 style=\"text-align: left\">Segona sessi\u00f3, dissabte 17 de juny (l\u2019Octubre CCC)<\/h6>\n<p style=\"text-align: left\"><strong>10:00h. <\/strong>Benvinguda<\/p>\n<p style=\"text-align: left\"><strong>10:15h.<\/strong><strong> Di\u00e0legs amb representants pol\u00edtics<\/strong><\/p>\n<p style=\"text-align: left\"><strong>10:15h \u2013 12:00h. Competir (CHA, BNG, CUP, Comprom\u00eds, BILDU, ERC) <\/strong>Modera:\u00a0Marian Campello (Diputada a les Corts Valencianes).<\/p>\n<ul>\n<li style=\"text-align: left\">Carmen Mart\u00ednez (Secret\u00e0ria General de la Chunta Aragonesista)<\/li>\n<li style=\"text-align: left\">Francisco Xes\u00fas Jorquera (President de la Fundaci\u00f3 Galiza Sempre i membre del Consell Nacional del BNG)<\/li>\n<li style=\"text-align: left\">Quim Arrufat (exdiputat de la CUP al Parlament de Catalunya)<\/li>\n<li style=\"text-align: left\">Joan Baldov\u00ed (Diputat de Comprom\u00eds al Congr\u00e9s)<\/li>\n<li style=\"text-align: left\">Mikel Ora\u00e1 (Portaveu de EH BILDU a Araba)<\/li>\n<li style=\"text-align: left\">Bernat Picornell (Senador de ERC)<\/li>\n<\/ul>\n<p style=\"text-align: left\"><strong>\u00a0<\/strong><strong>12:15\u201314:15h. Cooperar (ANOVA, PODEMOS, IU, BLOC, M\u00e9s per Mallorca)\u00a0<\/strong>Modera: Marina Aparicio (Polit\u00f2loga, Cap de Gabinet de la Conselleria d\u2019Agricultura)<\/p>\n<ul>\n<li style=\"text-align: left\">Ant\u00f3n S\u00e1nchez (Portaveu Nacional d\u2019ANOVA)<\/li>\n<li style=\"text-align: left\">Antonio Esta\u00f1 (Secretari General de Podemos Comunitat Valenciana)<\/li>\n<li style=\"text-align: left\">Esther L\u00f3pez (membre de l\u2019executiva federal de IU i exdiputada a les Corts Valencianes)<\/li>\n<li style=\"text-align: left\">\u00c0gueda Mic\u00f3 (Coordinadora nacional del BLOC)<\/li>\n<li style=\"text-align: left\">Llu\u00eds Apesteguia (Portaveu de M\u00e9s al Consell de Mallorca)<\/li>\n<\/ul>\n<p style=\"text-align: left\"><strong>\u00a01<\/strong><strong>4:15h<\/strong><strong>. <\/strong>Cloenda<\/p>\n<ul>\n<li>Oscar Barber\u00e1 (Coordinador del Lab de Democr\u00e0cia i Participaci\u00f3 de la Fundaci\u00f3 Nexe)<\/li>\n<li>Amadeu Mezquida (Secretari de la Fundaci\u00f3 Nexe)<\/li>\n<\/ul>\n<p style=\"text-align: center\">\n","protected":false},"excerpt":{"rendered":"<p>Primera sessi\u00f3, divendres 16 de juny (Facultat de Dret, UV) 16:00h. Presentaci\u00f3 Gon\u00e7al Grau (President de la Fundaci\u00f3 Nexe) Fran Ferri (S\u00edndic de Comprom\u00eds a les Corts Valencianes) Elies Segu\u00ed (Coordinador acad\u00e8mic de la Fundaci\u00f3 Nexe) 16:15\u201317:15h. Confer\u00e8ncia inaugural. A c\u00e0rrec de Juan Rodr\u00edgez Teruel, professor de ci\u00e8ncia pol\u00edtica a la Universitat de Val\u00e8ncia. 17:15-17:30h. &hellip; <a href=\"https:\/\/fundacionexe.org\/workshops\/demolab17\/programa\/\" class=\"more-link\">Continua la lectura de <span class=\"screen-reader-text\">Programa<\/span> <span class=\"meta-nav\">&rarr;<\/span><\/a><\/p>\n","protected":false},"author":1,"featured_media":0,"parent":0,"menu_order":0,"comment_status":"closed","ping_status":"closed","template":"","meta":{"footnotes":""},"class_list":["post-18","page","type-page","status-publish","hentry"],"_links":{"self":[{"href":"https:\/\/fundacionexe.org\/workshops\/demolab17\/wp-json\/wp\/v2\/pages\/18","targetHints":{"allow":["GET"]}}],"collection":[{"href":"https:\/\/fundacionexe.org\/workshops\/demolab17\/wp-json\/wp\/v2\/pages"}],"about":[{"href":"https:\/\/fundacionexe.org\/workshops\/demolab17\/wp-json\/wp\/v2\/types\/page"}],"author":[{"embeddable":true,"href":"https:\/\/fundacionexe.org\/workshops\/demolab17\/wp-json\/wp\/v2\/users\/1"}],"replies":[{"embeddable":true,"href":"https:\/\/fundacionexe.org\/workshops\/demolab17\/wp-json\/wp\/v2\/comments?post=18"}],"version-history":[{"count":15,"href":"https:\/\/fundacionexe.org\/workshops\/demolab17\/wp-json\/wp\/v2\/pages\/18\/revisions"}],"predecessor-version":[{"id":98,"href":"https:\/\/fundacionexe.org\/workshops\/demolab17\/wp-json\/wp\/v2\/pages\/18\/revisions\/98"}],"wp:attachment":[{"href":"https:\/\/fundacionexe.org\/workshops\/demolab17\/wp-json\/wp\/v2\/media?parent=18"}],"curies":[{"name":"wp","href":"https:\/\/api.w.org\/{rel}","templated":true}]}}