{"id":61,"date":"2018-05-04T11:11:36","date_gmt":"2018-05-04T09:11:36","guid":{"rendered":"http:\/\/fundacionexe.org\/workshops\/demolab18\/?page_id=61"},"modified":"2018-05-15T19:25:08","modified_gmt":"2018-05-15T17:25:08","slug":"programa","status":"publish","type":"page","link":"https:\/\/fundacionexe.org\/workshops\/demolab18\/programa\/","title":{"rendered":"Programa"},"content":{"rendered":"<p><em>[Col\u00b7legi Major Rector Peset de la Universitat de Val\u00e8ncia]<\/em><\/p>\n<p><strong>Divendres, 11 de maig<\/strong><\/p>\n<p>10.30\u00a0h Inauguraci\u00f3 del Workshop<\/p>\n<p>11.00\u00a0h Primera sessi\u00f3: L\u2019articulaci\u00f3 democr\u00e0tica del conflicte territorial- Cas franc\u00e9s:<\/p>\n<ul>\n<li>Andre Fazi (Universit\u00e9 de Corse)<\/li>\n<li>Emilie Van Haute (Universit\u00e9 Libre de Bruxelles)<\/li>\n<li>Oscar Mazzoleni (Universit\u00e9 de Lausanne)<\/li>\n<li>Nicola McEwen (University of Edinburgh)<\/li>\n<\/ul>\n<p>12.30\u00a0h Debat<\/p>\n<p>14.00\u00a0h Dinar<\/p>\n<p>16.00\u00a0h Segona sessi\u00f3. La proposta de reforma constitucional valenciana<\/p>\n<ul>\n<li>Hble. Sr. Conseller Manuel Alcaraz<\/li>\n<li>Alba Nogueira<\/li>\n<li>Rub\u00e9n P\u00e9rez<\/li>\n<li>Gemma Geis<\/li>\n<\/ul>\n<p>18.00 h Descans<\/p>\n<p>18.30 h Tercera sessi\u00f3. Taller pol\u00edtic sobre la proposta del Bot\u00e0nic<\/p>\n<ul>\n<li>Partit Popular: Maria Jos\u00e9 Ferrer<\/li>\n<li>PSPV &#8211; PSOE: Zulima P\u00e9rez<\/li>\n<li>Comprom\u00eds: Fran Ferri<\/li>\n<li>Podem: Antonio Esta\u00f1<\/li>\n<li>Ciudadanos: Emigdio Tormo<\/li>\n<\/ul>\n<p><strong>Dissabte, 12 de maig<\/strong><\/p>\n<p>11.00 h Quarta sessi\u00f3: La reforma constitucional vista per les esquerres perif\u00e8riques<\/p>\n<ul>\n<li>Chunta Aragonesista<\/li>\n<li>M\u00e9s per Mallorca<\/li>\n<li>Bloque Nacionalista Galego<\/li>\n<li>Comprom\u00eds<\/li>\n<\/ul>\n<p>12.00 h Debat i recollida de propostes<\/p>\n<p>13.00 h Cloenda del Workshop<\/p>\n","protected":false},"excerpt":{"rendered":"<p>[Col\u00b7legi Major Rector Peset de la Universitat de Val\u00e8ncia] Divendres, 11 de maig 10.30\u00a0h Inauguraci\u00f3 del Workshop 11.00\u00a0h Primera sessi\u00f3: L\u2019articulaci\u00f3 democr\u00e0tica del conflicte territorial- Cas franc\u00e9s: Andre Fazi (Universit\u00e9 de Corse) Emilie Van Haute (Universit\u00e9 Libre de Bruxelles) Oscar Mazzoleni (Universit\u00e9 de Lausanne) Nicola McEwen (University of Edinburgh) 12.30\u00a0h Debat 14.00\u00a0h Dinar 16.00\u00a0h Segona &hellip; <a href=\"https:\/\/fundacionexe.org\/workshops\/demolab18\/programa\/\" class=\"more-link\">Continua la lectura de <span class=\"screen-reader-text\">Programa<\/span> <span class=\"meta-nav\">&rarr;<\/span><\/a><\/p>\n","protected":false},"author":1,"featured_media":0,"parent":0,"menu_order":0,"comment_status":"closed","ping_status":"closed","template":"","meta":{"footnotes":""},"class_list":["post-61","page","type-page","status-publish","hentry"],"_links":{"self":[{"href":"https:\/\/fundacionexe.org\/workshops\/demolab18\/wp-json\/wp\/v2\/pages\/61","targetHints":{"allow":["GET"]}}],"collection":[{"href":"https:\/\/fundacionexe.org\/workshops\/demolab18\/wp-json\/wp\/v2\/pages"}],"about":[{"href":"https:\/\/fundacionexe.org\/workshops\/demolab18\/wp-json\/wp\/v2\/types\/page"}],"author":[{"embeddable":true,"href":"https:\/\/fundacionexe.org\/workshops\/demolab18\/wp-json\/wp\/v2\/users\/1"}],"replies":[{"embeddable":true,"href":"https:\/\/fundacionexe.org\/workshops\/demolab18\/wp-json\/wp\/v2\/comments?post=61"}],"version-history":[{"count":4,"href":"https:\/\/fundacionexe.org\/workshops\/demolab18\/wp-json\/wp\/v2\/pages\/61\/revisions"}],"predecessor-version":[{"id":78,"href":"https:\/\/fundacionexe.org\/workshops\/demolab18\/wp-json\/wp\/v2\/pages\/61\/revisions\/78"}],"wp:attachment":[{"href":"https:\/\/fundacionexe.org\/workshops\/demolab18\/wp-json\/wp\/v2\/media?parent=61"}],"curies":[{"name":"wp","href":"https:\/\/api.w.org\/{rel}","templated":true}]}}